{"id":177,"date":"2023-05-17T14:21:38","date_gmt":"2023-05-17T12:21:38","guid":{"rendered":"https:\/\/web1-math.univ-lyon1.fr\/wpinterneticj\/?page_id=177"},"modified":"2026-03-22T13:26:23","modified_gmt":"2026-03-22T12:26:23","slug":"equations-aux-derivees-partielles-analyse","status":"publish","type":"page","link":"https:\/\/math.univ-lyon1.fr\/icj\/equations-aux-derivees-partielles-analyse\/","title":{"rendered":"\u00c9quations aux d\u00e9riv\u00e9es partielles, analyse"},"content":{"rendered":"\n<div class=\"wp-block-group is-nowrap is-layout-flex wp-container-core-group-is-layout-6c531013 wp-block-group-is-layout-flex\">\n<div class=\"wp-block-columns is-layout-flex wp-container-core-columns-is-layout-28f84493 wp-block-columns-is-layout-flex\">\n<div class=\"wp-block-column is-vertically-aligned-center is-layout-flow wp-block-column-is-layout-flow\">\n<figure class=\"wp-block-image aligncenter size-full\"><img loading=\"lazy\" decoding=\"async\" width=\"340\" height=\"159\" src=\"https:\/\/math.univ-lyon1.fr\/icj\/wp-content\/uploads\/2024\/02\/math_blocks_mod.png\" alt=\"\" class=\"wp-image-1440\" srcset=\"https:\/\/math.univ-lyon1.fr\/icj\/wp-content\/uploads\/2024\/02\/math_blocks_mod.png 340w, https:\/\/math.univ-lyon1.fr\/icj\/wp-content\/uploads\/2024\/02\/math_blocks_mod-300x140.png 300w\" sizes=\"auto, (max-width: 340px) 100vw, 340px\" \/><\/figure>\n<\/div>\n\n\n\n<div class=\"wp-block-column is-layout-flow wp-block-column-is-layout-flow\">\n<p>Voici les grands axes d\u00e9velopp\u00e9s pas l\u2019\u00e9quipe&nbsp;:<\/p>\n\n\n\n<ul class=\"wp-block-list\">\n<li><strong>Analyse des \u00e9quations cin\u00e9tiques et de la m\u00e9caniques des fluides<\/strong><\/li>\n\n\n\n<li><strong>\u00c9quations elliptiques, analyse sur les vari\u00e9t\u00e9s<\/strong><\/li>\n\n\n\n<li><strong>G\u00e9om\u00e9trie riemannienne. In\u00e9galit\u00e9s fonctionnelles et transport optimal<\/strong><\/li>\n\n\n\n<li><strong>Analyse fonctionnelle et harmonique, th\u00e9orie et alg\u00e8bre des op\u00e9rateurs<\/strong><\/li>\n\n\n\n<li><strong>Probabilit\u00e9s et m\u00e9canique quantiques<\/strong><\/li>\n\n\n\n<li><strong>Contr\u00f4le optimal et r\u00e9gularit\u00e9 en calcul des variations, m\u00e9thodes topologiques<\/strong><\/li>\n<\/ul>\n<\/div>\n<\/div>\n<\/div>\n\n\n\n<h4 class=\"wp-block-heading\"><strong>Pr\u00e9sentation d\u00e9taill\u00e9e<\/strong><\/h4>\n\n\n\n<figure class=\"wp-block-image aligncenter\"><img decoding=\"async\" src=\"http:\/\/math.univ-lyon1.fr\/IMG\/png\/edpa-surface-2.png\" alt=\"Surface de niveau de la norme d'un champ de vecteurs de divergence nulle ayant certaines sym\u00e9tries\" title=\"Surface de niveau de la norme d'un champ de vecteurs de divergence nulle ayant certaines sym\u00e9tries\" \/><\/figure>\n\n\n\n<ul class=\"wp-block-list\">\n<li><strong>Analyse des \u00e9quations cin\u00e9tiques et de la m\u00e9caniques des fluides<\/strong><\/li>\n<\/ul>\n\n\n\n<p>Applications des espaces des fonctions aux EDP. Propri\u00e9t\u00e9s qualitatives des solutions (stabilit\u00e9, comportement asymptotique, etc.). \u00c9quations de Boltzmann, de Navier-Stokes et d\u2019Euler. Fluides non newtoniens, fluides en rotation, probl\u00e8mes de capillarit\u00e9. Th\u00e9ories cin\u00e9tiques avec ou sans collision. Applications de l\u2019analyse harmonique aux EDP. Approximation d\u2019\u00e9coulements incompressibles par des \u00e9coulements faiblement compressibles. \u00c9quations d\u2019ondes en eaux peu profondes et formation de singularit\u00e9s.<\/p>\n\n\n\n<figure class=\"wp-block-image aligncenter\"><img decoding=\"async\" src=\"http:\/\/math.univ-lyon1.fr\/IMG\/png\/splash_70.png\" alt=\"\" \/><\/figure>\n\n\n\n<ul class=\"wp-block-list\">\n<li><strong>Equations elliptiques. Th\u00e9orie des fonctions. Analyse sur les vari\u00e9t\u00e9s<\/strong><\/li>\n<\/ul>\n\n\n\n<p>Propri\u00e9t\u00e9s qualitatives des solutions d\u2019 EDP elliptiques nonlin\u00e9aires. Stabilit\u00e9\/instabilit\u00e9. Etude de l\u2019\u00e9quation de Ginzburg-Landau en 3D&nbsp;: description de la structure des donn\u00e9es au bord naturelles, comportement asymptotique de l\u2019\u00e9nergie. Questions connexes en th\u00e9orie des fonctions (espace de Sobolev entre vari\u00e9t\u00e9s, th\u00e9orie g\u00e9n\u00e9rale du degr\u00e9). Surfaces minimales et varifolds stationnaires. Classification des singularit\u00e9s, r\u00e9gularit\u00e9 globale, calibrations.<\/p>\n\n\n\n<figure class=\"wp-block-image aligncenter\"><img decoding=\"async\" src=\"http:\/\/math.univ-lyon1.fr\/IMG\/png\/min_surf_30.png\" alt=\"\" \/><\/figure>\n\n\n\n<ul class=\"wp-block-list\">\n<li><strong>G\u00e9om\u00e9trie riemannienne. In\u00e9galit\u00e9s fonctionnelles et convergence \u00e0 l\u2019\u00e9quilibre. Transport optimal<\/strong><\/li>\n<\/ul>\n\n\n\n<p>Par l\u2019\u00e9tude d\u2019in\u00e9galit\u00e9 g\u00e9om\u00e9triques et d\u2019in\u00e9galit\u00e9s fonctionnelles comme l\u2019in\u00e9galit\u00e9 de Poincar\u00e9 ou de Sobolev logarithmique nous \u00e9tudions le comportement \u00e0 l\u2019infini d\u2019\u00e9quations de diffusion de type Fokker-Planck ou Ornstein-Uhlenbeck. Transport optimal et courbure de Ricci. Probl\u00e8mes de r\u00e9gularit\u00e9 du transport optimal.<\/p>\n\n\n\n<figure class=\"wp-block-image aligncenter\"><img decoding=\"async\" src=\"http:\/\/math.univ-lyon1.fr\/IMG\/jpg\/transport_optimal_05-2.jpg\" alt=\"\" \/><\/figure>\n\n\n\n<ul class=\"wp-block-list\">\n<li><strong>Analyse fonctionnelle et harmonique, th\u00e9orie et alg\u00e8bre des op\u00e9rateurs<\/strong><\/li>\n<\/ul>\n\n\n\n<p>Nous combinons des m\u00e9thodes d\u2019analyse complexe, d\u2019analyse fonctionnelle, d\u2019analyse harmonique et de g\u00e9om\u00e9trie des espaces de Banach pour \u00e9tudier diverses questions d\u2019interpolation, de la th\u00e9orie des op\u00e9rateurs, des noyaux reproduisants, de l\u2019approximation, etc.<\/p>\n\n\n\n<figure class=\"wp-block-image aligncenter\"><img decoding=\"async\" src=\"http:\/\/math.univ-lyon1.fr\/IMG\/jpg\/harmonic-analysis.jpg\" alt=\"\" \/><\/figure>\n\n\n\n<ul class=\"wp-block-list\">\n<li><strong>Probabilit\u00e9s et m\u00e9canique quantiques<\/strong><\/li>\n<\/ul>\n\n\n\n<p>Bruit, m\u00e9canique, m\u00e9canique statistique, calcul stochastique et marches al\u00e9atoires quantiques.<\/p>\n\n\n\n<figure class=\"wp-block-image aligncenter\"><img decoding=\"async\" src=\"http:\/\/math.univ-lyon1.fr\/IMG\/png\/hal1_50.png\" alt=\"\" \/><\/figure>\n\n\n\n<ul class=\"wp-block-list\">\n<li><strong>Optimisation. Contr\u00f4le optimal et r\u00e9gularit\u00e9 en calcul des variations. M\u00e9thodes topologiques<\/strong><\/li>\n<\/ul>\n\n\n\n<p>Les directions principales sont&nbsp;: la th\u00e9orie g\u00e9om\u00e9trique de la mesure&nbsp;; les conditions n\u00e9cessaires d\u2019optimalit\u00e9 en optimisation, l\u2019\u00e9quation d\u2019Hamilton-Jacobi en th\u00e9orie du contr\u00f4le, la construction de retours d\u2019\u00e9tat en contr\u00f4le optimal et stabilisant, la th\u00e9orie de Hilbert-Haar en calcul des variations. In\u00e9galit\u00e9s variationnelles et applications \u00e0 la stabilit\u00e9 des solutions stationnaires. Propri\u00e9t\u00e9s de co\u00e9rcivit\u00e9 de fonctionnelles non lisses. Inclusions diff\u00e9rentielles. L\u2019utilisation de la th\u00e9orie des fonctions asymptotes en optimisation et en th\u00e9orie des in\u00e9galit\u00e9s variationnelles (nouvelles m\u00e9thodes de p\u00e9nalit\u00e9s et de barri\u00e8res, nouvelles techniques pour \u00e9tudier la convergence)&nbsp;; nouveaux algorithmes en optimisation, bas\u00e9s sur des projections non-euclidiennes tenant compte de la g\u00e9om\u00e9trie des contraintes. Les probl\u00e8mes hyperboliques avec coefficients peu r\u00e9guliers&nbsp;: caract\u00e8re bien pos\u00e9 et contr\u00f4le.<\/p>\n\n\n\n<figure class=\"wp-block-image aligncenter\"><img decoding=\"async\" src=\"http:\/\/math.univ-lyon1.fr\/IMG\/jpg\/opt-contr.jpg\" alt=\"\" \/><\/figure>\n\n\n\n<h4 class=\"wp-block-heading\"><strong>Activit\u00e9s collectives<\/strong><\/h4>\n\n\n\n<div class=\"wp-block-group is-nowrap is-layout-flex wp-container-core-group-is-layout-6c531013 wp-block-group-is-layout-flex\">\n<div class=\"wp-block-columns is-layout-flex wp-container-core-columns-is-layout-28f84493 wp-block-columns-is-layout-flex\">\n<div class=\"wp-block-column is-vertically-aligned-center is-layout-flow wp-block-column-is-layout-flow\" style=\"flex-basis:250px\"><\/div>\n\n\n\n<div class=\"wp-block-column is-vertically-aligned-center is-layout-flow wp-block-column-is-layout-flow\">\n<ul class=\"wp-block-list\">\n<li><a href=\"http:\/\/math.univ-lyon1.fr\/wikis\/seminaire-analyse\/doku.php\">S\u00e9minaire <\/a><a href=\"https:\/\/indico.math.cnrs.fr\/category\/203\/\">EDP<\/a><a href=\"http:\/\/math.univ-lyon1.fr\/wikis\/seminaire-analyse\/doku.php\">-Analyse<\/a>\u00a0: le mardi apr\u00e8s-midi. <\/li>\n\n\n\n<li>Journ\u00e9e EDP-Rhone-Alpes-Auvergne : Une conf\u00e9rence r\u00e9gionale (au sens large) autour des EDP.<\/li>\n\n\n\n<li><a href=\"https:\/\/math.univ-lyon1.fr\/wikis\/seminaire-analyse-fonctionnelle\/doku.php?id=start\" data-type=\"link\" data-id=\"https:\/\/math.univ-lyon1.fr\/wikis\/seminaire-analyse-fonctionnelle\/doku.php?id=start\">S\u00e9minaire d&rsquo;Analyse Fonctionnelle de l&rsquo;Institut Camille Jordan<\/a>  : le mardi matin, de 11h15 \u00e0 12h15. <\/li>\n\n\n\n<li><a href=\"https:\/\/indico.math.cnrs.fr\/category\/745\/\">GT explorations \u00e9cologiques<\/a>, environ une fois par mois de 12h15 \u00e0 13h45. <\/li>\n\n\n\n<li>GT IFO (in\u00e9galit\u00e9 fonctionnelle) : le mardi matin. <\/li>\n<\/ul>\n<\/div>\n<\/div>\n<\/div>\n\n\n\n<h4 class=\"wp-block-heading\"><strong>Membres<\/strong><\/h4>\n\n\n\n\t\t<br \/>\n\t\t<table style=\"width: 600px;\">\n\t\t\t<tr style=\"background-color: white;\">\n\t\t\t\t<td align=\"left\" style=\"font-size: 14px;\">\n\t\t\t\t\t&nbsp;<a class=\"spip_out\" href=\"http:\/\/math.univ-lyon1.fr\/~attal\/\">St\u00e9phane Attal<\/a>&nbsp;\t\t\t\t<\/td>\n\t\t\t\t<td align=\"right\" style=\"font-size: 14px;\">\n\t\t\t\t\t&nbsp;+33 (0)4........&nbsp;\t\t\t\t<\/td>\n\t\t\t\t<td align=\"right\" style=\"font-size: 14px;\">\n\t\t\t\t\t&nbsp;(UCBL-Braconnier&nbsp;&nbsp;208)\t\t\t\t<\/td>\n\t\t\t<\/tr>\n\t\t\t<tr style=\"background-color: #eaeaea;\">\n\t\t\t\t<td align=\"left\" style=\"font-size: 14px;\">\n\t\t\t\t\t&nbsp;<a class=\"spip_out\" href=\"http:\/\/math.univ-lyon1.fr\/~badr\/\">Nadine Badr<\/a>&nbsp;\t\t\t\t<\/td>\n\t\t\t\t<td align=\"right\" style=\"font-size: 14px;\">\n\t\t\t\t\t&nbsp;+33 (0)472431077&nbsp;\t\t\t\t<\/td>\n\t\t\t\t<td align=\"right\" style=\"font-size: 14px;\">\n\t\t\t\t\t&nbsp;(UCBL-Braconnier&nbsp;&nbsp;209)\t\t\t\t<\/td>\n\t\t\t<\/tr>\n\t\t\t<tr style=\"background-color: white;\">\n\t\t\t\t<td align=\"left\" style=\"font-size: 14px;\">\n\t\t\t\t\t&nbsp;Aymeric Baradat&nbsp;\t\t\t\t<\/td>\n\t\t\t\t<td align=\"right\" style=\"font-size: 14px;\">\n\t\t\t\t\t&nbsp;+33 (0)472448132&nbsp;\t\t\t\t<\/td>\n\t\t\t\t<td align=\"right\" style=\"font-size: 14px;\">\n\t\t\t\t\t&nbsp;(UCBL-Braconnier&nbsp;&nbsp;201)\t\t\t\t<\/td>\n\t\t\t<\/tr>\n\t\t\t<tr style=\"background-color: #eaeaea;\">\n\t\t\t\t<td align=\"left\" style=\"font-size: 14px;\">\n\t\t\t\t\t&nbsp;Arthur Beauvisage&nbsp;\t\t\t\t<\/td>\n\t\t\t\t<td align=\"right\" style=\"font-size: 14px;\">\n\t\t\t\t\t&nbsp;+33 (0)4724.....&nbsp;\t\t\t\t<\/td>\n\t\t\t\t<td align=\"right\" style=\"font-size: 14px;\">\n\t\t\t\t\t&nbsp;(UCBL-Braconnier&nbsp;&nbsp;111B)\t\t\t\t<\/td>\n\t\t\t<\/tr>\n\t\t\t<tr style=\"background-color: white;\">\n\t\t\t\t<td align=\"left\" style=\"font-size: 14px;\">\n\t\t\t\t\t&nbsp;<a class=\"spip_out\" href=\"http:\/\/math.univ-lyon1.fr\/~betermin\/\">Laurent B\u00e9termin<\/a>&nbsp;\t\t\t\t<\/td>\n\t\t\t\t<td align=\"right\" style=\"font-size: 14px;\">\n\t\t\t\t\t&nbsp;+33 (0)472448132&nbsp;\t\t\t\t<\/td>\n\t\t\t\t<td align=\"right\" style=\"font-size: 14px;\">\n\t\t\t\t\t&nbsp;(UCBL-Braconnier&nbsp;&nbsp;201)\t\t\t\t<\/td>\n\t\t\t<\/tr>\n\t\t\t<tr style=\"background-color: #eaeaea;\">\n\t\t\t\t<td align=\"left\" style=\"font-size: 14px;\">\n\t\t\t\t\t&nbsp;<a class=\"spip_out\" href=\"http:\/\/math.univ-lyon1.fr\/~brandolese\/\">Lorenzo Brandolese<\/a>&nbsp;\t\t\t\t<\/td>\n\t\t\t\t<td align=\"right\" style=\"font-size: 14px;\">\n\t\t\t\t\t&nbsp;+33 (0)472447939&nbsp;\t\t\t\t<\/td>\n\t\t\t\t<td align=\"right\" style=\"font-size: 14px;\">\n\t\t\t\t\t&nbsp;(UCBL-Braconnier&nbsp;&nbsp;238)\t\t\t\t<\/td>\n\t\t\t<\/tr>\n\t\t\t<tr style=\"background-color: white;\">\n\t\t\t\t<td align=\"left\" style=\"font-size: 14px;\">\n\t\t\t\t\t&nbsp;Tristan Bullion-Gauthier&nbsp;\t\t\t\t<\/td>\n\t\t\t\t<td align=\"right\" style=\"font-size: 14px;\">\n\t\t\t\t\t&nbsp;+33 (0)4724.....&nbsp;\t\t\t\t<\/td>\n\t\t\t\t<td align=\"right\" style=\"font-size: 14px;\">\n\t\t\t\t\t&nbsp;(UCBL-Braconnier&nbsp;&nbsp;118)\t\t\t\t<\/td>\n\t\t\t<\/tr>\n\t\t\t<tr style=\"background-color: #eaeaea;\">\n\t\t\t\t<td align=\"left\" style=\"font-size: 14px;\">\n\t\t\t\t\t&nbsp;<a class=\"spip_out\" href=\"https:\/\/perso.univ-st-etienne.fr\/busuvale\/\">Valentina Busuioc<\/a>&nbsp;\t\t\t\t<\/td>\n\t\t\t\t<td align=\"right\" style=\"font-size: 14px;\">\n\t\t\t\t\t&nbsp;+33 (0)477481552&nbsp;\t\t\t\t<\/td>\n\t\t\t\t<td align=\"right\" style=\"font-size: 14px;\">\n\t\t\t\t\t&nbsp;(UJM-Manufacture&nbsp;&nbsp;M317)\t\t\t\t<\/td>\n\t\t\t<\/tr>\n\t\t\t<tr style=\"background-color: white;\">\n\t\t\t\t<td align=\"left\" style=\"font-size: 14px;\">\n\t\t\t\t\t&nbsp;Matheus Carneiro Leao Nasi&nbsp;\t\t\t\t<\/td>\n\t\t\t\t<td align=\"right\" style=\"font-size: 14px;\">\n\t\t\t\t\t&nbsp;+33 (0)4724.....&nbsp;\t\t\t\t<\/td>\n\t\t\t\t<td align=\"right\" style=\"font-size: 14px;\">\n\t\t\t\t\t&nbsp;(UCBL-Braconnier&nbsp;&nbsp;224)\t\t\t\t<\/td>\n\t\t\t<\/tr>\n\t\t\t<tr style=\"background-color: #eaeaea;\">\n\t\t\t\t<td align=\"left\" style=\"font-size: 14px;\">\n\t\t\t\t\t&nbsp;<a class=\"spip_out\" href=\"http:\/\/math.univ-lyon1.fr\/~cassier\/\">Gilles Cassier<\/a>&nbsp;\t\t\t\t<\/td>\n\t\t\t\t<td align=\"right\" style=\"font-size: 14px;\">\n\t\t\t\t\t&nbsp;+33 (0)472446270&nbsp;\t\t\t\t<\/td>\n\t\t\t\t<td align=\"right\" style=\"font-size: 14px;\">\n\t\t\t\t\t&nbsp;(UCBL-Braconnier&nbsp;&nbsp;216)\t\t\t\t<\/td>\n\t\t\t<\/tr>\n\t\t\t<tr style=\"background-color: white;\">\n\t\t\t\t<td align=\"left\" style=\"font-size: 14px;\">\n\t\t\t\t\t&nbsp;Jean-Yves Chemin&nbsp;\t\t\t\t<\/td>\n\t\t\t\t<td align=\"right\" style=\"font-size: 14px;\">\n\t\t\t\t\t&nbsp;+33 (0)4........&nbsp;\t\t\t\t<\/td>\n\t\t\t\t<td align=\"right\" style=\"font-size: 14px;\">\n\t\t\t\t\t&nbsp;(UCBL-Braconnier&nbsp;&nbsp;241)\t\t\t\t<\/td>\n\t\t\t<\/tr>\n\t\t\t<tr style=\"background-color: #eaeaea;\">\n\t\t\t\t<td align=\"left\" style=\"font-size: 14px;\">\n\t\t\t\t\t&nbsp;Sofiane Cherf&nbsp;\t\t\t\t<\/td>\n\t\t\t\t<td align=\"right\" style=\"font-size: 14px;\">\n\t\t\t\t\t&nbsp;+33 (0)4724.....&nbsp;\t\t\t\t<\/td>\n\t\t\t\t<td align=\"right\" style=\"font-size: 14px;\">\n\t\t\t\t\t&nbsp;(UCBL-Braconnier&nbsp;&nbsp;109E)\t\t\t\t<\/td>\n\t\t\t<\/tr>\n\t\t\t<tr style=\"background-color: white;\">\n\t\t\t\t<td align=\"left\" style=\"font-size: 14px;\">\n\t\t\t\t\t&nbsp;<a class=\"spip_out\" href=\"https:\/\/math.univ-lyon1.fr\/~delasalle\/\">Mikael de la Salle<\/a>&nbsp;\t\t\t\t<\/td>\n\t\t\t\t<td align=\"right\" style=\"font-size: 14px;\">\n\t\t\t\t\t&nbsp;+33 (0)426234441&nbsp;\t\t\t\t<\/td>\n\t\t\t\t<td align=\"right\" style=\"font-size: 14px;\">\n\t\t\t\t\t&nbsp;(UCBL-Braconnier&nbsp;&nbsp;105)\t\t\t\t<\/td>\n\t\t\t<\/tr>\n\t\t\t<tr style=\"background-color: #eaeaea;\">\n\t\t\t\t<td align=\"left\" style=\"font-size: 14px;\">\n\t\t\t\t\t&nbsp;<a class=\"spip_out\" href=\"https:\/\/andetaille.github.io\/\">Antoine Detaille<\/a>&nbsp;\t\t\t\t<\/td>\n\t\t\t\t<td align=\"right\" style=\"font-size: 14px;\">\n\t\t\t\t\t&nbsp;+33 (0)472431189&nbsp;\t\t\t\t<\/td>\n\t\t\t\t<td align=\"right\" style=\"font-size: 14px;\">\n\t\t\t\t\t&nbsp;(UCBL-Braconnier&nbsp;&nbsp;111A)\t\t\t\t<\/td>\n\t\t\t<\/tr>\n\t\t\t<tr style=\"background-color: white;\">\n\t\t\t\t<td align=\"left\" style=\"font-size: 14px;\">\n\t\t\t\t\t&nbsp;<a class=\"spip_out\" href=\"http:\/\/math.univ-lyon1.fr\/~druet\">Olivier Druet<\/a>&nbsp;\t\t\t\t<\/td>\n\t\t\t\t<td align=\"right\" style=\"font-size: 14px;\">\n\t\t\t\t\t&nbsp;+33 (0)472431149&nbsp;\t\t\t\t<\/td>\n\t\t\t\t<td align=\"right\" style=\"font-size: 14px;\">\n\t\t\t\t\t&nbsp;(UCBL-Braconnier&nbsp;&nbsp;109A)\t\t\t\t<\/td>\n\t\t\t<\/tr>\n\t\t\t<tr style=\"background-color: #eaeaea;\">\n\t\t\t\t<td align=\"left\" style=\"font-size: 14px;\">\n\t\t\t\t\t&nbsp;Guillaume Dumas&nbsp;\t\t\t\t<\/td>\n\t\t\t\t<td align=\"right\" style=\"font-size: 14px;\">\n\t\t\t\t\t&nbsp;+33 (0)472448124&nbsp;\t\t\t\t<\/td>\n\t\t\t\t<td align=\"right\" style=\"font-size: 14px;\">\n\t\t\t\t\t&nbsp;(UCBL-Braconnier&nbsp;&nbsp;118)\t\t\t\t<\/td>\n\t\t\t<\/tr>\n\t\t\t<tr style=\"background-color: white;\">\n\t\t\t\t<td align=\"left\" style=\"font-size: 14px;\">\n\t\t\t\t\t&nbsp;<a class=\"spip_out\" href=\"https:\/\/math.univ-lyon1.fr\/perso\/louis-dupaigne\/\">Louis Dupaigne<\/a>&nbsp;\t\t\t\t<\/td>\n\t\t\t\t<td align=\"right\" style=\"font-size: 14px;\">\n\t\t\t\t\t&nbsp;+33 (0)426234554&nbsp;\t\t\t\t<\/td>\n\t\t\t\t<td align=\"right\" style=\"font-size: 14px;\">\n\t\t\t\t\t&nbsp;(UCBL-Braconnier&nbsp;&nbsp;126)\t\t\t\t<\/td>\n\t\t\t<\/tr>\n\t\t\t<tr style=\"background-color: #eaeaea;\">\n\t\t\t\t<td align=\"left\" style=\"font-size: 14px;\">\n\t\t\t\t\t&nbsp;L\u00e9na Ehrsam&nbsp;\t\t\t\t<\/td>\n\t\t\t\t<td align=\"right\" style=\"font-size: 14px;\">\n\t\t\t\t\t&nbsp;+33 (0)47244....&nbsp;\t\t\t\t<\/td>\n\t\t\t\t<td align=\"right\" style=\"font-size: 14px;\">\n\t\t\t\t\t&nbsp;(UCBL-Braconnier&nbsp;&nbsp;226)\t\t\t\t<\/td>\n\t\t\t<\/tr>\n\t\t\t<tr style=\"background-color: white;\">\n\t\t\t\t<td align=\"left\" style=\"font-size: 14px;\">\n\t\t\t\t\t&nbsp;<a class=\"spip_out\" href=\"https:\/\/math.univ-lyon1.fr\/~fanelli\/\">Francesco Fanelli<\/a>&nbsp;\t\t\t\t<\/td>\n\t\t\t\t<td align=\"right\" style=\"font-size: 14px;\">\n\t\t\t\t\t&nbsp;+33 (0)472447949&nbsp;\t\t\t\t<\/td>\n\t\t\t\t<td align=\"right\" style=\"font-size: 14px;\">\n\t\t\t\t\t&nbsp;(UCBL-Braconnier&nbsp;&nbsp;258)\t\t\t\t<\/td>\n\t\t\t<\/tr>\n\t\t\t<tr style=\"background-color: #eaeaea;\">\n\t\t\t\t<td align=\"left\" style=\"font-size: 14px;\">\n\t\t\t\t\t&nbsp;Rafael Jose Fernandez-Delgado Ruiz&nbsp;\t\t\t\t<\/td>\n\t\t\t\t<td align=\"right\" style=\"font-size: 14px;\">\n\t\t\t\t\t&nbsp;+33 (0)4724.....&nbsp;\t\t\t\t<\/td>\n\t\t\t\t<td align=\"right\" style=\"font-size: 14px;\">\n\t\t\t\t\t&nbsp;(UCBL-Braconnier&nbsp;&nbsp;109E)\t\t\t\t<\/td>\n\t\t\t<\/tr>\n\t\t\t<tr style=\"background-color: white;\">\n\t\t\t\t<td align=\"left\" style=\"font-size: 14px;\">\n\t\t\t\t\t&nbsp;<a class=\"spip_out\" href=\"https:\/\/math.univ-lyon1.fr\/~gentil\/\">Ivan Gentil<\/a>&nbsp;\t\t\t\t<\/td>\n\t\t\t\t<td align=\"right\" style=\"font-size: 14px;\">\n\t\t\t\t\t&nbsp;+33 (0)472448578&nbsp;\t\t\t\t<\/td>\n\t\t\t\t<td align=\"right\" style=\"font-size: 14px;\">\n\t\t\t\t\t&nbsp;(UCBL-Braconnier&nbsp;&nbsp;101 bis)\t\t\t\t<\/td>\n\t\t\t<\/tr>\n\t\t\t<tr style=\"background-color: #eaeaea;\">\n\t\t\t\t<td align=\"left\" style=\"font-size: 14px;\">\n\t\t\t\t\t&nbsp;<a class=\"spip_out\" href=\"https:\/\/math.univ-lyon1.fr\/~iftimie\/\">Dragos Iftimie<\/a>&nbsp;\t\t\t\t<\/td>\n\t\t\t\t<td align=\"right\" style=\"font-size: 14px;\">\n\t\t\t\t\t&nbsp;+33 (0)472447958&nbsp;\t\t\t\t<\/td>\n\t\t\t\t<td align=\"right\" style=\"font-size: 14px;\">\n\t\t\t\t\t&nbsp;(UCBL-Braconnier&nbsp;&nbsp;232)\t\t\t\t<\/td>\n\t\t\t<\/tr>\n\t\t\t<tr style=\"background-color: white;\">\n\t\t\t\t<td align=\"left\" style=\"font-size: 14px;\">\n\t\t\t\t\t&nbsp;<a class=\"spip_out\" href=\"https:\/\/math.univ-lyon1.fr\/~mironescu\/\">Petru Mironescu<\/a>&nbsp;\t\t\t\t<\/td>\n\t\t\t\t<td align=\"right\" style=\"font-size: 14px;\">\n\t\t\t\t\t&nbsp;+33 (0)472448113&nbsp;\t\t\t\t<\/td>\n\t\t\t\t<td align=\"right\" style=\"font-size: 14px;\">\n\t\t\t\t\t&nbsp;(UCBL-Braconnier&nbsp;&nbsp;210)\t\t\t\t<\/td>\n\t\t\t<\/tr>\n\t\t\t<tr style=\"background-color: #eaeaea;\">\n\t\t\t\t<td align=\"left\" style=\"font-size: 14px;\">\n\t\t\t\t\t&nbsp;<a class=\"spip_out\" href=\"https:\/\/math.univ-lyon1.fr\/~pageard\/\">Matthieu Pageard<\/a>&nbsp;\t\t\t\t<\/td>\n\t\t\t\t<td align=\"right\" style=\"font-size: 14px;\">\n\t\t\t\t\t&nbsp;+33 (0)472448124&nbsp;\t\t\t\t<\/td>\n\t\t\t\t<td align=\"right\" style=\"font-size: 14px;\">\n\t\t\t\t\t&nbsp;(UCBL-Braconnier&nbsp;&nbsp;118)\t\t\t\t<\/td>\n\t\t\t<\/tr>\n\t\t\t<tr style=\"background-color: white;\">\n\t\t\t\t<td align=\"left\" style=\"font-size: 14px;\">\n\t\t\t\t\t&nbsp;Francesco Pagliarin&nbsp;\t\t\t\t<\/td>\n\t\t\t\t<td align=\"right\" style=\"font-size: 14px;\">\n\t\t\t\t\t&nbsp;+33 (0)4724.....&nbsp;\t\t\t\t<\/td>\n\t\t\t\t<td align=\"right\" style=\"font-size: 14px;\">\n\t\t\t\t\t&nbsp;(UCBL-Braconnier&nbsp;&nbsp;219)\t\t\t\t<\/td>\n\t\t\t<\/tr>\n\t\t\t<tr style=\"background-color: #eaeaea;\">\n\t\t\t\t<td align=\"left\" style=\"font-size: 14px;\">\n\t\t\t\t\t&nbsp;Yuliia Samoilenko&nbsp;\t\t\t\t<\/td>\n\t\t\t\t<td align=\"right\" style=\"font-size: 14px;\">\n\t\t\t\t\t&nbsp;+33 (0)4724.....&nbsp;\t\t\t\t<\/td>\n\t\t\t\t<td align=\"right\" style=\"font-size: 14px;\">\n\t\t\t\t\t&nbsp;(UCBL-Braconnier&nbsp;&nbsp;127)\t\t\t\t<\/td>\n\t\t\t<\/tr>\n\t\t\t<tr style=\"background-color: white;\">\n\t\t\t\t<td align=\"left\" style=\"font-size: 14px;\">\n\t\t\t\t\t&nbsp;<a class=\"spip_out\" href=\"https:\/\/math.univ-lyon1.fr\/~thizy\/\">Pierre-Damien Thizy<\/a>&nbsp;\t\t\t\t<\/td>\n\t\t\t\t<td align=\"right\" style=\"font-size: 14px;\">\n\t\t\t\t\t&nbsp;+33 (0)426234554&nbsp;\t\t\t\t<\/td>\n\t\t\t\t<td align=\"right\" style=\"font-size: 14px;\">\n\t\t\t\t\t&nbsp;(UCBL-Braconnier&nbsp;&nbsp;126)\t\t\t\t<\/td>\n\t\t\t<\/tr>\n\t\t\t<tr style=\"background-color: #eaeaea;\">\n\t\t\t\t<td align=\"left\" style=\"font-size: 14px;\">\n\t\t\t\t\t&nbsp;Andrea Vaccaro&nbsp;\t\t\t\t<\/td>\n\t\t\t\t<td align=\"right\" style=\"font-size: 14px;\">\n\t\t\t\t\t&nbsp;+33 (0)472432789&nbsp;\t\t\t\t<\/td>\n\t\t\t\t<td align=\"right\" style=\"font-size: 14px;\">\n\t\t\t\t\t&nbsp;(UCBL-Braconnier&nbsp;&nbsp;234)\t\t\t\t<\/td>\n\t\t\t<\/tr>\n\t\t\t<tr style=\"background-color: white;\">\n\t\t\t\t<td align=\"left\" style=\"font-size: 14px;\">\n\t\t\t\t\t&nbsp;<a class=\"spip_out\" href=\"http:\/\/math.univ-lyon1.fr\/~villani\">C\u00e9dric Villani<\/a>&nbsp;\t\t\t\t<\/td>\n\t\t\t\t<td align=\"right\" style=\"font-size: 14px;\">\n\t\t\t\t\t&nbsp;+33 (0)4724.....&nbsp;\t\t\t\t<\/td>\n\t\t\t\t<td align=\"right\" style=\"font-size: 14px;\">\n\t\t\t\t\t&nbsp;(UCBL-Braconnier&nbsp;&nbsp;215)\t\t\t\t<\/td>\n\t\t\t<\/tr>\n\t\t\t<tr style=\"background-color: #eaeaea;\">\n\t\t\t\t<td align=\"left\" style=\"font-size: 14px;\">\n\t\t\t\t\t&nbsp;Kai Xiao&nbsp;\t\t\t\t<\/td>\n\t\t\t\t<td align=\"right\" style=\"font-size: 14px;\">\n\t\t\t\t\t&nbsp;+33 (0)472431399&nbsp;\t\t\t\t<\/td>\n\t\t\t\t<td align=\"right\" style=\"font-size: 14px;\">\n\t\t\t\t\t&nbsp;(UCBL-Braconnier&nbsp;&nbsp;131)\t\t\t\t<\/td>\n\t\t\t<\/tr>\n\t\t\t<tr style=\"background-color: white;\">\n\t\t\t\t<td align=\"left\" style=\"font-size: 14px;\">\n\t\t\t\t\t&nbsp;Zhuoya Yao&nbsp;\t\t\t\t<\/td>\n\t\t\t\t<td align=\"right\" style=\"font-size: 14px;\">\n\t\t\t\t\t&nbsp;+33 (0)4724.....&nbsp;\t\t\t\t<\/td>\n\t\t\t\t<td align=\"right\" style=\"font-size: 14px;\">\n\t\t\t\t\t&nbsp;(UCBL-Braconnier&nbsp;&nbsp;118)\t\t\t\t<\/td>\n\t\t\t<\/tr>\n\t\t\t<tr>\n\t\t\t\t<td colspan=\"3\" style=\"font-size: 13px;\">\n<br \/>Nombre de personnes : 31<br \/>\n\t\t\t\t<\/td>\n\t\t\t<\/tr>\n\t\t<\/table>\n\n\n\n\n<h4 class=\"wp-block-heading\"><strong>Contacts<\/strong><\/h4>\n\n\n\n<figure class=\"wp-block-image\"><img decoding=\"async\" src=\"http:\/\/math.univ-lyon1.fr\/IMG\/png\/contacts_mod.png\" alt=\"\" \/><\/figure>\n\n\n\n<ul class=\"wp-block-list\">\n<li>Responsable de l\u2019\u00e9quipe&nbsp;: <a href=\"http:\/\/math.univ-lyon1.fr\/~delasalle\/\">Mikael de la Salle<\/a><\/li>\n\n\n\n<li>Responsables de cette page&nbsp;: <a href=\"http:\/\/math.univ-lyon1.fr\/~gentil\/\">Ivan Gentil<\/a><\/li>\n<\/ul>\n","protected":false},"excerpt":{"rendered":"<p>Voici les grands axes d\u00e9velopp\u00e9s pas l\u2019\u00e9quipe&nbsp;: Pr\u00e9sentation d\u00e9taill\u00e9e Applications des espaces des fonctions aux EDP. Propri\u00e9t\u00e9s qualitatives des solutions (stabilit\u00e9, comportement asymptotique, etc.). \u00c9quations de Boltzmann, de Navier-Stokes et d\u2019Euler. Fluides non newtoniens, fluides en rotation, probl\u00e8mes de capillarit\u00e9. Th\u00e9ories cin\u00e9tiques avec ou sans collision. Applications de l\u2019analyse harmonique aux EDP. Approximation d\u2019\u00e9coulements incompressibles [&hellip;]<\/p>\n","protected":false},"author":12,"featured_media":0,"parent":0,"menu_order":0,"comment_status":"closed","ping_status":"closed","template":"","meta":{"footnotes":""},"class_list":["post-177","page","type-page","status-publish","hentry"],"_links":{"self":[{"href":"https:\/\/math.univ-lyon1.fr\/icj\/wp-json\/wp\/v2\/pages\/177","targetHints":{"allow":["GET"]}}],"collection":[{"href":"https:\/\/math.univ-lyon1.fr\/icj\/wp-json\/wp\/v2\/pages"}],"about":[{"href":"https:\/\/math.univ-lyon1.fr\/icj\/wp-json\/wp\/v2\/types\/page"}],"author":[{"embeddable":true,"href":"https:\/\/math.univ-lyon1.fr\/icj\/wp-json\/wp\/v2\/users\/12"}],"replies":[{"embeddable":true,"href":"https:\/\/math.univ-lyon1.fr\/icj\/wp-json\/wp\/v2\/comments?post=177"}],"version-history":[{"count":24,"href":"https:\/\/math.univ-lyon1.fr\/icj\/wp-json\/wp\/v2\/pages\/177\/revisions"}],"predecessor-version":[{"id":2525,"href":"https:\/\/math.univ-lyon1.fr\/icj\/wp-json\/wp\/v2\/pages\/177\/revisions\/2525"}],"wp:attachment":[{"href":"https:\/\/math.univ-lyon1.fr\/icj\/wp-json\/wp\/v2\/media?parent=177"}],"curies":[{"name":"wp","href":"https:\/\/api.w.org\/{rel}","templated":true}]}}