{"id":2368,"date":"2025-09-15T09:03:17","date_gmt":"2025-09-15T07:03:17","guid":{"rendered":"https:\/\/math.univ-lyon1.fr\/icj\/?page_id=2368"},"modified":"2025-09-15T11:19:23","modified_gmt":"2025-09-15T09:19:23","slug":"fete-de-la-science-2025-au-village-de-sciences-de-liut-lyon-1","status":"publish","type":"page","link":"https:\/\/math.univ-lyon1.fr\/icj\/fete-de-la-science-2025-au-village-de-sciences-de-liut-lyon-1\/","title":{"rendered":"F\u00eate de la science 2025 au village de sciences de l&rsquo;IUT Lyon 1"},"content":{"rendered":"\n<p><\/p>\n\n\n\n<p class=\"has-text-align-left has-medium-font-size\"><strong>Le samedi 11 octobre apr\u00e8s midi de 14h \u00e0 18h, la F\u00eate de la Science \u00e0 l\u2019Institut Camille Jordan c\u2019est la F\u00eate des Math\u00e9matiques pour tout public\u00a0(entr\u00e9e libre et gratuite). Attention cette ann\u00e9e, nous serons au village des sciences de l&rsquo;IUT Lyon 1.<\/strong><\/p>\n\n\n\n<p class=\"has-text-align-center has-large-font-size\"><strong>Vous \u00eates toutes et tous invit\u00e9s \u00e0 d\u00e9couvrir une autre facette des math\u00e9matiques !&nbsp;<\/strong><\/p>\n\n\n\n<p class=\"has-text-align-center has-medium-font-size\"><strong>Au programme :&nbsp;<\/strong><\/p>\n\n\n\n<ul class=\"wp-block-list\">\n<li>&nbsp;Des objets surprenants \u00e0 manipuler (un toroflux, un parabolo\u00efde hyperbolique, le pavage de Penrose, \u2026), des ateliers interactifs MathaLyon (toute l\u2019apr\u00e8s midi).<\/li>\n\n\n\n<li>Un atelier pour entrer \u00ab\u00a0dans la t\u00eate d&rsquo;une IA\u00a0\u00bb et discuter des impacts des intelligences artificielles g\u00e9n\u00e9ratives<\/li>\n\n\n\n<li>&nbsp;Un show de magie math\u00e9matique anim\u00e9 par Jean-Baptiste Aubin et Hai Ch\u00e2u Nguyen (de 15h \u00e0 16h)<\/li>\n\n\n\n<li>&nbsp;Un cin\u00e9 d\u00e9bat avec la pr\u00e9sentation du film \u00ab&nbsp;Ils ont eu raison du tore plat&nbsp;!&nbsp;\u00bb, suivie d\u2019une discussion avec Vincent Borelli (de 16h \u00e0 17h)&nbsp;<\/li>\n\n\n\n<li>+ Des projections de vid\u00e9os, comment\u00e9es par les auteurs des chaines Youtube <a href=\"https:\/\/www.youtube.com\/c\/thomaths\" data-type=\"link\" data-id=\"https:\/\/www.youtube.com\/c\/thomaths\">Thomaths<\/a> et <a href=\"https:\/\/www.youtube.com\/channel\/UCZ5bgGfyXy4nnPzV__uJ7Kg\" data-type=\"link\" data-id=\"https:\/\/www.youtube.com\/channel\/UCZ5bgGfyXy4nnPzV__uJ7Kg\">Phil Caldero<\/a>, des&nbsp;vid\u00e9os d\u2019<a href=\"https:\/\/video.math.cnrs.fr\" data-type=\"link\" data-id=\"https:\/\/video.math.cnrs.fr\">Audimath<\/a>&nbsp;et d&rsquo;autres (<a href=\"https:\/\/www.dimensions-math.org\/Dim_fr.htm\" data-type=\"link\" data-id=\"https:\/\/www.dimensions-math.org\/Dim_fr.htm\">Dimensions<\/a>, <a href=\"https:\/\/www.chaos-math.org\/fr.html\" data-type=\"link\" data-id=\"https:\/\/www.chaos-math.org\/fr.html\">Chaos<\/a> &#8230;) <\/li>\n<\/ul>\n\n\n\n<p>T\u00e9l\u00e9charger l&rsquo;affiche<\/p>\n\n\n\n<figure class=\"wp-block-image aligncenter size-large\"><img decoding=\"async\" src=\"https:\/\/math.univ-lyon1.fr\/irem\/local\/cache-vignettes\/L142xH150\/arton482-4d2e5.png\" alt=\"\" \/><\/figure>\n\n\n\n<p><\/p>\n","protected":false},"excerpt":{"rendered":"<p>Le samedi 11 octobre apr\u00e8s midi de 14h \u00e0 18h, la F\u00eate de la Science \u00e0 l\u2019Institut Camille Jordan c\u2019est la F\u00eate des Math\u00e9matiques pour tout public\u00a0(entr\u00e9e libre et gratuite). Attention cette ann\u00e9e, nous serons au village des sciences de l&rsquo;IUT Lyon 1. Vous \u00eates toutes et tous invit\u00e9s \u00e0 d\u00e9couvrir une autre facette des [&hellip;]<\/p>\n","protected":false},"author":17,"featured_media":0,"parent":0,"menu_order":0,"comment_status":"closed","ping_status":"closed","template":"","meta":{"footnotes":""},"class_list":["post-2368","page","type-page","status-publish","hentry"],"_links":{"self":[{"href":"https:\/\/math.univ-lyon1.fr\/icj\/wp-json\/wp\/v2\/pages\/2368","targetHints":{"allow":["GET"]}}],"collection":[{"href":"https:\/\/math.univ-lyon1.fr\/icj\/wp-json\/wp\/v2\/pages"}],"about":[{"href":"https:\/\/math.univ-lyon1.fr\/icj\/wp-json\/wp\/v2\/types\/page"}],"author":[{"embeddable":true,"href":"https:\/\/math.univ-lyon1.fr\/icj\/wp-json\/wp\/v2\/users\/17"}],"replies":[{"embeddable":true,"href":"https:\/\/math.univ-lyon1.fr\/icj\/wp-json\/wp\/v2\/comments?post=2368"}],"version-history":[{"count":4,"href":"https:\/\/math.univ-lyon1.fr\/icj\/wp-json\/wp\/v2\/pages\/2368\/revisions"}],"predecessor-version":[{"id":2375,"href":"https:\/\/math.univ-lyon1.fr\/icj\/wp-json\/wp\/v2\/pages\/2368\/revisions\/2375"}],"wp:attachment":[{"href":"https:\/\/math.univ-lyon1.fr\/icj\/wp-json\/wp\/v2\/media?parent=2368"}],"curies":[{"name":"wp","href":"https:\/\/api.w.org\/{rel}","templated":true}]}}