{"id":249,"date":"2024-06-08T11:22:48","date_gmt":"2024-06-08T09:22:48","guid":{"rendered":"https:\/\/math.univ-lyon1.fr\/perso\/?page_id=249"},"modified":"2026-01-01T14:24:24","modified_gmt":"2026-01-01T13:24:24","slug":"rulpidon","status":"publish","type":"page","link":"https:\/\/math.univ-lyon1.fr\/perso\/sylvie-benzoni-gavage\/rulpidon\/","title":{"rendered":"Rulpidon"},"content":{"rendered":"\n<h2 class=\"wp-block-heading\">Le Rulpidon sous toutes ses couleurs<\/h2>\n\n\n\n<div class=\"wp-block-buttons is-layout-flex wp-block-buttons-is-layout-flex\">\n<div class=\"wp-block-button\"><a class=\"wp-block-button__link wp-element-button\" href=\"https:\/\/math.univ-lyon1.fr\/perso\/sylvie-benzoni-gavage\/\">Sylvie Benzoni-Gavage<\/a><\/div>\n<\/div>\n\n\n\n<p>Ceci est une page \u00e0 d\u00e9rouler sans mod\u00e9ration.<\/p>\n\n\n\n<div class=\"wp-block-media-text is-stacked-on-mobile\"><figure class=\"wp-block-media-text__media\"><img loading=\"lazy\" decoding=\"async\" width=\"768\" height=\"1024\" src=\"https:\/\/math.univ-lyon1.fr\/perso\/wp-content\/uploads\/2024\/09\/SBG-Rulpidon-jardin-mousse-LR-768x1024.jpg\" alt=\"\" class=\"wp-image-480 size-full\" srcset=\"https:\/\/math.univ-lyon1.fr\/perso\/wp-content\/uploads\/2024\/09\/SBG-Rulpidon-jardin-mousse-LR-768x1024.jpg 768w, https:\/\/math.univ-lyon1.fr\/perso\/wp-content\/uploads\/2024\/09\/SBG-Rulpidon-jardin-mousse-LR-225x300.jpg 225w, https:\/\/math.univ-lyon1.fr\/perso\/wp-content\/uploads\/2024\/09\/SBG-Rulpidon-jardin-mousse-LR-1152x1536.jpg 1152w, https:\/\/math.univ-lyon1.fr\/perso\/wp-content\/uploads\/2024\/09\/SBG-Rulpidon-jardin-mousse-LR-1536x2048.jpg 1536w, https:\/\/math.univ-lyon1.fr\/perso\/wp-content\/uploads\/2024\/09\/SBG-Rulpidon-jardin-mousse-LR-scaled.jpg 1920w\" sizes=\"auto, (max-width: 768px) 100vw, 768px\" \/><\/figure><div class=\"wp-block-media-text__content\">\n<p>Dans le jardin Jacqueline Ferrand \u00e0 l\u2019<a href=\"https:\/\/www.ihp.fr\/\">Institut Henri Poincar\u00e9<\/a>, le grand Rulpidon d\u2019Ulysse Lacoste et le mod\u00e8le en mousse que j\u2019ai d\u00e9guis\u00e9 et l\u00e9gu\u00e9 \u00e0 l\u2019\u00e9quipe de la <a href=\"https:\/\/www.ihp.fr\/fr\/musee-maison-poincare\">Maison Poincar\u00e9<\/a>.<\/p>\n\n\n\n<p>\u00a9 Le Rulpidon, \u0153uvre du sculpteur <a href=\"https:\/\/www.ulysselacoste.com\/oeuvres\/mobiles\/le-rulpidon\/\">Ulysse Lacoste<\/a><\/p>\n\n\n\n<p>\u00a9 Photo Anne Blanchard pour l\u2019IHP<\/p>\n<\/div><\/div>\n\n\n\n<h3 class=\"wp-block-heading\">Actualit\u00e9s 2025<\/h3>\n\n\n\n<div class=\"wp-block-media-text is-stacked-on-mobile\" style=\"grid-template-columns:31% auto\"><figure class=\"wp-block-media-text__media\"><img loading=\"lazy\" decoding=\"async\" width=\"1024\" height=\"925\" src=\"https:\/\/math.univ-lyon1.fr\/perso\/wp-content\/uploads\/2026\/01\/Rulpidon-frene-1024x925.jpg\" alt=\"\" class=\"wp-image-910 size-full\" srcset=\"https:\/\/math.univ-lyon1.fr\/perso\/wp-content\/uploads\/2026\/01\/Rulpidon-frene-1024x925.jpg 1024w, https:\/\/math.univ-lyon1.fr\/perso\/wp-content\/uploads\/2026\/01\/Rulpidon-frene-300x271.jpg 300w, https:\/\/math.univ-lyon1.fr\/perso\/wp-content\/uploads\/2026\/01\/Rulpidon-frene-768x694.jpg 768w, https:\/\/math.univ-lyon1.fr\/perso\/wp-content\/uploads\/2026\/01\/Rulpidon-frene-1536x1388.jpg 1536w, https:\/\/math.univ-lyon1.fr\/perso\/wp-content\/uploads\/2026\/01\/Rulpidon-frene-2048x1850.jpg 2048w\" sizes=\"auto, (max-width: 1024px) 100vw, 1024px\" \/><\/figure><div class=\"wp-block-media-text__content\">\n<p>Comment \u00ab&nbsp;tourner&nbsp;\u00bb un Rulpidon\u202f?<\/p>\n\n\n\n<p>Ci-contre un Rulpidon en fr\u00eane, tourn\u00e9 avec <a href=\"https:\/\/www.instagram.com\/christian_des_bois\/\">Christian Naessens<\/a> (aussi auteur de la photo).<\/p>\n\n\n\n<p><a href=\"https:\/\/math.univ-lyon1.fr\/perso\/sylvie-benzoni-gavage\/rulpidon\/tournage-de-rulpidon\/\" data-type=\"page\" data-id=\"918\">Tournage illustr\u00e9 par ici<\/a>.<\/p>\n<\/div><\/div>\n\n\n\n<div class=\"wp-block-media-text is-stacked-on-mobile\" style=\"grid-template-columns:31% auto\"><figure class=\"wp-block-media-text__media\"><img loading=\"lazy\" decoding=\"async\" width=\"1024\" height=\"1024\" src=\"https:\/\/math.univ-lyon1.fr\/perso\/wp-content\/uploads\/2025\/07\/20250208_111323-red-1024x1024.jpg\" alt=\"\" class=\"wp-image-674 size-full\" srcset=\"https:\/\/math.univ-lyon1.fr\/perso\/wp-content\/uploads\/2025\/07\/20250208_111323-red-1024x1024.jpg 1024w, https:\/\/math.univ-lyon1.fr\/perso\/wp-content\/uploads\/2025\/07\/20250208_111323-red-300x300.jpg 300w, https:\/\/math.univ-lyon1.fr\/perso\/wp-content\/uploads\/2025\/07\/20250208_111323-red-150x150.jpg 150w, https:\/\/math.univ-lyon1.fr\/perso\/wp-content\/uploads\/2025\/07\/20250208_111323-red-768x768.jpg 768w, https:\/\/math.univ-lyon1.fr\/perso\/wp-content\/uploads\/2025\/07\/20250208_111323-red-1536x1536.jpg 1536w, https:\/\/math.univ-lyon1.fr\/perso\/wp-content\/uploads\/2025\/07\/20250208_111323-red-2048x2048.jpg 2048w\" sizes=\"auto, (max-width: 1024px) 100vw, 1024px\" \/><\/figure><div class=\"wp-block-media-text__content\">\n<p>Mon Rulpidon enneachrome marquet\u00e9 <a href=\"https:\/\/gallery.bridgesmathart.org\/exhibitions\/bridges-2025-exhibition-of-mathematical-art\/sylvie-benzoni-gavage\">s&rsquo;expose<\/a> \u00e0 la Conf\u00e9rence <a href=\"https:\/\/www.bridgesmathart.org\/b2025\/\">Bridges 2025<\/a>.<\/p>\n\n\n\n<details class=\"wp-block-details is-layout-flow wp-block-details-is-layout-flow\"><summary>La base est un Rulpidon en bois fa\u00e7onn\u00e9 par Ulysse Lacoste lui-m\u00eame. <\/summary>\n<p>Je l&rsquo;ai habill\u00e9 en marqueterie d&rsquo;une carte compl\u00e8te \u00e0 9 r\u00e9gions que j&rsquo;ai con\u00e7ue et r\u00e9alis\u00e9e dans 9 essences de bois (acajou, amarante, amarello, ch\u00eane, merisier, platane, poirier, wengu\u00e9, zebrano), toutes visibles sur la photo: saurez-vous les reconna\u00eetre?<\/p>\n<\/details>\n\n\n\n<p><a href=\"https:\/\/math.univ-lyon1.fr\/perso\/sylvie-benzoni-gavage\/rulpidon\/making-of-rulpidon-bois\/\" data-type=\"page\" data-id=\"688\">Making-of par ici<\/a>.<\/p>\n<\/div><\/div>\n\n\n\n<div class=\"wp-block-media-text is-stacked-on-mobile\" style=\"grid-template-columns:19% auto\"><figure class=\"wp-block-media-text__media\"><img loading=\"lazy\" decoding=\"async\" width=\"720\" height=\"1024\" src=\"https:\/\/math.univ-lyon1.fr\/perso\/wp-content\/uploads\/2025\/07\/trophee-Tangente-720x1024.jpg\" alt=\"\" class=\"wp-image-656 size-full\" srcset=\"https:\/\/math.univ-lyon1.fr\/perso\/wp-content\/uploads\/2025\/07\/trophee-Tangente-720x1024.jpg 720w, https:\/\/math.univ-lyon1.fr\/perso\/wp-content\/uploads\/2025\/07\/trophee-Tangente-211x300.jpg 211w, https:\/\/math.univ-lyon1.fr\/perso\/wp-content\/uploads\/2025\/07\/trophee-Tangente-768x1092.jpg 768w, https:\/\/math.univ-lyon1.fr\/perso\/wp-content\/uploads\/2025\/07\/trophee-Tangente-1080x1536.jpg 1080w, https:\/\/math.univ-lyon1.fr\/perso\/wp-content\/uploads\/2025\/07\/trophee-Tangente-1440x2048.jpg 1440w, https:\/\/math.univ-lyon1.fr\/perso\/wp-content\/uploads\/2025\/07\/trophee-Tangente-scaled.jpg 1800w\" sizes=\"auto, (max-width: 720px) 100vw, 720px\" \/><\/figure><div class=\"wp-block-media-text__content\">\n<p><strong>Prix Tangente 2025<\/strong> pour \u00ab&nbsp;Le Rulpidon sous toutes ses coutures&nbsp;\u00bb&nbsp;!<\/p>\n\n\n\n<div class=\"wp-block-media-text has-media-on-the-right is-stacked-on-mobile\" style=\"grid-template-columns:auto 57%\"><div class=\"wp-block-media-text__content\">\n<p>Troph\u00e9e remis au <a href=\"https:\/\/salon-math.fr\/\">Salon culture et jeux math\u00e9matiques<\/a> 2025.<\/p>\n\n\n\n<p><mark style=\"background-color:#ffffff\" class=\"has-inline-color\">Vid\u00e9o <a href=\"https:\/\/youtu.be\/LgGA-Ka2WZE\">ici<\/a>.<\/mark><\/p>\n<\/div><figure class=\"wp-block-media-text__media\"><img loading=\"lazy\" decoding=\"async\" width=\"549\" height=\"337\" src=\"https:\/\/math.univ-lyon1.fr\/perso\/wp-content\/uploads\/2025\/07\/capture-remise-trophee-Tangente-5.png\" alt=\"\" class=\"wp-image-663 size-full\" srcset=\"https:\/\/math.univ-lyon1.fr\/perso\/wp-content\/uploads\/2025\/07\/capture-remise-trophee-Tangente-5.png 549w, https:\/\/math.univ-lyon1.fr\/perso\/wp-content\/uploads\/2025\/07\/capture-remise-trophee-Tangente-5-300x184.png 300w\" sizes=\"auto, (max-width: 549px) 100vw, 549px\" \/><\/figure><\/div>\n\n\n\n<details class=\"wp-block-details is-layout-flow wp-block-details-is-layout-flow\"><summary>Actualit\u00e9 \u00e0 lire sur le site de <a href=\"https:\/\/www.insmi.cnrs.fr\/fr\/cnrsinfo\/prix-tangente-du-livre-2025-trois-ouvrages-qui-rendent-les-mathematiques-accessibles-et\">CNRS Math\u00e9matiques<\/a>.<\/summary>\n<p>Voir aussi mon billet sur <a href=\"https:\/\/www.linkedin.com\/posts\/sylvie-benzoni-gavage-3218b8181_rulpidon-maisonpoincaraez-rulpidon-activity-7340093385887678465-SuUs?utm_source=share&amp;utm_medium=member_desktop&amp;rcm=ACoAACsGoskB_xUcUhMSWMFblsdO7QOpz0KDa5U\">linkedin<\/a>.<\/p>\n<\/details>\n<\/div><\/div>\n\n\n\n<h3 class=\"wp-block-heading\">\u00c9v\u00e9nements 2024<\/h3>\n\n\n\n<div class=\"wp-block-media-text is-stacked-on-mobile\" style=\"grid-template-columns:38% auto\"><figure class=\"wp-block-media-text__media\"><img loading=\"lazy\" decoding=\"async\" width=\"875\" height=\"540\" src=\"https:\/\/math.univ-lyon1.fr\/perso\/wp-content\/uploads\/2025\/06\/capture-ecran-4.png\" alt=\"\" class=\"wp-image-613 size-full\" srcset=\"https:\/\/math.univ-lyon1.fr\/perso\/wp-content\/uploads\/2025\/06\/capture-ecran-4.png 875w, https:\/\/math.univ-lyon1.fr\/perso\/wp-content\/uploads\/2025\/06\/capture-ecran-4-300x185.png 300w, https:\/\/math.univ-lyon1.fr\/perso\/wp-content\/uploads\/2025\/06\/capture-ecran-4-768x474.png 768w\" sizes=\"auto, (max-width: 875px) 100vw, 875px\" \/><\/figure><div class=\"wp-block-media-text__content\">\n<p><strong>Conf\u00e9rence<\/strong> Coloriages sur le Rulpidon<\/p>\n\n\n\n<p><strong><a href=\"https:\/\/video.irem.univ-paris-diderot.fr\/w\/i2zt3iwpdJLaRuJcgcNE4L\">IREMS de Paris &#8211; 29 mai 2024<\/a><\/strong><\/p>\n<\/div><\/div>\n\n\n\n<div class=\"wp-block-group is-nowrap is-layout-flex wp-container-core-group-is-layout-6c531013 wp-block-group-is-layout-flex\">\n<div class=\"wp-block-media-text is-stacked-on-mobile\" style=\"grid-template-columns:55% auto\"><figure class=\"wp-block-media-text__media\"><img loading=\"lazy\" decoding=\"async\" width=\"1024\" height=\"582\" src=\"https:\/\/math.univ-lyon1.fr\/perso\/wp-content\/uploads\/2024\/06\/Myriogon-Rulpidon-capture-1024x582.png\" alt=\"\" class=\"wp-image-255 size-full\" srcset=\"https:\/\/math.univ-lyon1.fr\/perso\/wp-content\/uploads\/2024\/06\/Myriogon-Rulpidon-capture-1024x582.png 1024w, https:\/\/math.univ-lyon1.fr\/perso\/wp-content\/uploads\/2024\/06\/Myriogon-Rulpidon-capture-300x170.png 300w, https:\/\/math.univ-lyon1.fr\/perso\/wp-content\/uploads\/2024\/06\/Myriogon-Rulpidon-capture-768x436.png 768w, https:\/\/math.univ-lyon1.fr\/perso\/wp-content\/uploads\/2024\/06\/Myriogon-Rulpidon-capture-1536x873.png 1536w, https:\/\/math.univ-lyon1.fr\/perso\/wp-content\/uploads\/2024\/06\/Myriogon-Rulpidon-capture.png 1728w\" sizes=\"auto, (max-width: 1024px) 100vw, 1024px\" \/><\/figure><div class=\"wp-block-media-text__content\">\n<p><strong>Vid\u00e9o <a href=\"https:\/\/www.youtube.com\/LeMyriogon\">Le Myriogon<\/a><\/strong><\/p>\n\n\n\n<p><strong>Les couleurs du Rulpidon<\/strong><\/p>\n<\/div><\/div>\n\n\n\n<div class=\"wp-block-media-text is-stacked-on-mobile\" style=\"grid-template-columns:61% auto\"><figure class=\"wp-block-media-text__media\"><img loading=\"lazy\" decoding=\"async\" width=\"331\" height=\"508\" src=\"https:\/\/math.univ-lyon1.fr\/perso\/wp-content\/uploads\/2024\/06\/LeRulpidon-couv-Dunod-1.jpeg\" alt=\"\" class=\"wp-image-257 size-full\" srcset=\"https:\/\/math.univ-lyon1.fr\/perso\/wp-content\/uploads\/2024\/06\/LeRulpidon-couv-Dunod-1.jpeg 331w, https:\/\/math.univ-lyon1.fr\/perso\/wp-content\/uploads\/2024\/06\/LeRulpidon-couv-Dunod-1-195x300.jpeg 195w\" sizes=\"auto, (max-width: 331px) 100vw, 331px\" \/><\/figure><div class=\"wp-block-media-text__content\">\n<p><strong>Livre chez <a href=\"https:\/\/www.dunod.com\">Dunod<\/a><\/strong> <\/p>\n<\/div><\/div>\n<\/div>\n\n\n\n<div class=\"wp-block-group is-nowrap is-layout-flex wp-container-core-group-is-layout-6c531013 wp-block-group-is-layout-flex\">\n<div class=\"wp-block-media-text is-stacked-on-mobile\" style=\"grid-template-columns:30% auto\"><figure class=\"wp-block-media-text__media\"><img loading=\"lazy\" decoding=\"async\" width=\"1024\" height=\"583\" src=\"https:\/\/math.univ-lyon1.fr\/perso\/wp-content\/uploads\/2024\/06\/Rulpidon-Pourlascience-1024x583.jpg\" alt=\"\" class=\"wp-image-261 size-full\" srcset=\"https:\/\/math.univ-lyon1.fr\/perso\/wp-content\/uploads\/2024\/06\/Rulpidon-Pourlascience-1024x583.jpg 1024w, https:\/\/math.univ-lyon1.fr\/perso\/wp-content\/uploads\/2024\/06\/Rulpidon-Pourlascience-300x171.jpg 300w, https:\/\/math.univ-lyon1.fr\/perso\/wp-content\/uploads\/2024\/06\/Rulpidon-Pourlascience-768x437.jpg 768w, https:\/\/math.univ-lyon1.fr\/perso\/wp-content\/uploads\/2024\/06\/Rulpidon-Pourlascience.jpg 1200w\" sizes=\"auto, (max-width: 1024px) 100vw, 1024px\" \/><\/figure><div class=\"wp-block-media-text__content\">\n<p><strong>Article avec <a href=\"https:\/\/rcoulon.perso.math.cnrs.fr\/\">R\u00e9mi Coulon<\/a><\/strong> <\/p>\n\n\n\n<p><a href=\"https:\/\/www.pourlascience.fr\/sd\/mathematiques\/le-dessous-des-cartes-du-rulpidon-26238.php\">Le dessous des cartes du Rulpidon<\/a><\/p>\n\n\n\n<p><a href=\"https:\/\/www.pourlascience.fr\/\">Pour la science<\/a>, 13 mars 2024. \u00a9 Printables.com\/@adesir<\/p>\n<\/div><\/div>\n\n\n\n<div class=\"wp-block-media-text is-stacked-on-mobile\"><figure class=\"wp-block-media-text__media\"><img loading=\"lazy\" decoding=\"async\" width=\"724\" height=\"1024\" src=\"https:\/\/math.univ-lyon1.fr\/perso\/wp-content\/uploads\/2024\/06\/kfm-25avril2024-724x1024.jpg\" alt=\"\" class=\"wp-image-264 size-full\" srcset=\"https:\/\/math.univ-lyon1.fr\/perso\/wp-content\/uploads\/2024\/06\/kfm-25avril2024-724x1024.jpg 724w, https:\/\/math.univ-lyon1.fr\/perso\/wp-content\/uploads\/2024\/06\/kfm-25avril2024-212x300.jpg 212w, https:\/\/math.univ-lyon1.fr\/perso\/wp-content\/uploads\/2024\/06\/kfm-25avril2024-768x1086.jpg 768w, https:\/\/math.univ-lyon1.fr\/perso\/wp-content\/uploads\/2024\/06\/kfm-25avril2024-1086x1536.jpg 1086w, https:\/\/math.univ-lyon1.fr\/perso\/wp-content\/uploads\/2024\/06\/kfm-25avril2024-1448x2048.jpg 1448w, https:\/\/math.univ-lyon1.fr\/perso\/wp-content\/uploads\/2024\/06\/kfm-25avril2024-scaled.jpg 1810w\" sizes=\"auto, (max-width: 724px) 100vw, 724px\" \/><\/figure><div class=\"wp-block-media-text__content\">\n<p><strong>Rencontre au <a href=\"http:\/\/kafemath.fr\/\">Kafemath<\/a><\/strong> <\/p>\n\n\n\n<p><a href=\"http:\/\/math.univ-lyon1.fr\/homes-www\/benzoni\/Rulpidon-une-sculpture-fascinante.pdf\">Le Rulpidon, une sculpture fascinante<\/a> <a href=\"http:\/\/kafemath.fr\/\"><\/a><a href=\"http:\/\/math.univ-lyon1.fr\/homes-www\/benzoni\/Rulpidon-une-sculpture-fascinante.pdf\"><\/a><\/p>\n<\/div><\/div>\n<\/div>\n\n\n\n<h3 class=\"wp-block-heading\">Souvenirs 2019-2022<\/h3>\n\n\n\n<div class=\"wp-block-group is-nowrap is-layout-flex wp-container-core-group-is-layout-6c531013 wp-block-group-is-layout-flex\">\n<figure class=\"wp-block-video\"><video height=\"324\" style=\"aspect-ratio: 480 \/ 324;\" width=\"480\" controls src=\"https:\/\/math.univ-lyon1.fr\/perso\/wp-content\/uploads\/2024\/06\/Rulpidon3D.mp4\"><\/video><\/figure>\n\n\n\n<div class=\"wp-block-media-text is-stacked-on-mobile\"><figure class=\"wp-block-media-text__media\"><img loading=\"lazy\" decoding=\"async\" width=\"970\" height=\"846\" src=\"https:\/\/math.univ-lyon1.fr\/perso\/wp-content\/uploads\/2024\/06\/Rulpidon-salon.png\" alt=\"\" class=\"wp-image-251 size-full\" srcset=\"https:\/\/math.univ-lyon1.fr\/perso\/wp-content\/uploads\/2024\/06\/Rulpidon-salon.png 970w, https:\/\/math.univ-lyon1.fr\/perso\/wp-content\/uploads\/2024\/06\/Rulpidon-salon-300x262.png 300w, https:\/\/math.univ-lyon1.fr\/perso\/wp-content\/uploads\/2024\/06\/Rulpidon-salon-768x670.png 768w\" sizes=\"auto, (max-width: 970px) 100vw, 970px\" \/><\/figure><div class=\"wp-block-media-text__content\">\n<p><a href=\"https:\/\/youtu.be\/N-oG3CCEUZQ\" data-type=\"link\" data-id=\"https:\/\/youtu.be\/N-oG3CCEUZQ\">Salon de la culture et des jeux math\u00e9matiques 2022<\/a><\/p>\n<\/div><\/div>\n<\/div>\n\n\n\n<div class=\"wp-block-group is-nowrap is-layout-flex wp-container-core-group-is-layout-6c531013 wp-block-group-is-layout-flex\">\n<figure class=\"wp-block-image size-full\"><img loading=\"lazy\" decoding=\"async\" width=\"835\" height=\"768\" src=\"https:\/\/math.univ-lyon1.fr\/perso\/wp-content\/uploads\/2024\/06\/Arc-en-ciel-titlepage-.jpg\" alt=\"\" class=\"wp-image-283\" srcset=\"https:\/\/math.univ-lyon1.fr\/perso\/wp-content\/uploads\/2024\/06\/Arc-en-ciel-titlepage-.jpg 835w, https:\/\/math.univ-lyon1.fr\/perso\/wp-content\/uploads\/2024\/06\/Arc-en-ciel-titlepage--300x276.jpg 300w, https:\/\/math.univ-lyon1.fr\/perso\/wp-content\/uploads\/2024\/06\/Arc-en-ciel-titlepage--768x706.jpg 768w\" sizes=\"auto, (max-width: 835px) 100vw, 835px\" \/><figcaption class=\"wp-element-caption\"><a href=\"https:\/\/math.univ-lyon1.fr\/~benzoni\/Arc-en-ciel.pdf\">Diaporama de la pr\u00e9sentation au Salon 2022<\/a><\/figcaption><\/figure>\n\n\n\n<figure class=\"wp-block-image size-large\"><img loading=\"lazy\" decoding=\"async\" width=\"768\" height=\"1024\" src=\"https:\/\/math.univ-lyon1.fr\/perso\/wp-content\/uploads\/2024\/06\/pieces-Rulpidon-9couleurs-1-768x1024.jpg\" alt=\"Pi\u00e8ces d\u2019un Rulpidon 9 couleurs en papier avant assemblage\" class=\"wp-image-271\" srcset=\"https:\/\/math.univ-lyon1.fr\/perso\/wp-content\/uploads\/2024\/06\/pieces-Rulpidon-9couleurs-1-768x1024.jpg 768w, https:\/\/math.univ-lyon1.fr\/perso\/wp-content\/uploads\/2024\/06\/pieces-Rulpidon-9couleurs-1-225x300.jpg 225w, https:\/\/math.univ-lyon1.fr\/perso\/wp-content\/uploads\/2024\/06\/pieces-Rulpidon-9couleurs-1-1152x1536.jpg 1152w, https:\/\/math.univ-lyon1.fr\/perso\/wp-content\/uploads\/2024\/06\/pieces-Rulpidon-9couleurs-1.jpg 1200w\" sizes=\"auto, (max-width: 768px) 100vw, 768px\" \/><\/figure>\n\n\n\n<figure class=\"wp-block-image size-full\"><img loading=\"lazy\" decoding=\"async\" width=\"871\" height=\"775\" src=\"https:\/\/math.univ-lyon1.fr\/perso\/wp-content\/uploads\/2024\/06\/Rulpidon-9couleurs.jpg\" alt=\"Rulpidon enn\u00e9achrome en papier avec ombre port\u00e9e\" class=\"wp-image-273\" srcset=\"https:\/\/math.univ-lyon1.fr\/perso\/wp-content\/uploads\/2024\/06\/Rulpidon-9couleurs.jpg 871w, https:\/\/math.univ-lyon1.fr\/perso\/wp-content\/uploads\/2024\/06\/Rulpidon-9couleurs-300x267.jpg 300w, https:\/\/math.univ-lyon1.fr\/perso\/wp-content\/uploads\/2024\/06\/Rulpidon-9couleurs-768x683.jpg 768w\" sizes=\"auto, (max-width: 871px) 100vw, 871px\" \/><\/figure>\n<\/div>\n\n\n\n<p>\u00c7a c\u2019est pour la <a href=\"https:\/\/analysis-situs.math.cnrs.fr\/\">topologie<\/a> du Rulpidon, qui a bel et bien 3 trous comme l\u2019objet mou pr\u00e9sent\u00e9 par <a href=\"https:\/\/youtu.be\/bqZ6dazkyMY\">FabMath<\/a>, et permet donc d\u2019illustrer le <a href=\"https:\/\/fr.wikipedia.org\/wiki\/Conjecture_de_Heawood\">th\u00e9or\u00e8me des 9 couleurs<\/a>.<\/p>\n\n\n\n<p><strong>Question de point de vue:<\/strong> voyez-vous la diff\u00e9rence entre le Rulpidon enn\u00e9achrome en papier et son compagnon num\u00e9rique en 3D ci-dessus?<\/p>\n\n\n\n<p>J\u2019ai \u00e9crit l\u2019histoire illustr\u00e9e du Rulpidon enn\u00e9achrome. C\u2019est devenu un livre: Le Rulpidon sous toutes ses coutures (Dunod 2024) mentionn\u00e9 plus haut.<\/p>\n\n\n\n<p>Sinon, pour la g\u00e9om\u00e9trie du Rulpidon c\u2019est par ici:<\/p>\n\n\n\n<div class=\"wp-block-group is-nowrap is-layout-flex wp-container-core-group-is-layout-6c531013 wp-block-group-is-layout-flex\">\n<div class=\"wp-block-media-text is-stacked-on-mobile\" style=\"grid-template-columns:36% auto\"><figure class=\"wp-block-media-text__media\"><img loading=\"lazy\" decoding=\"async\" width=\"768\" height=\"1024\" src=\"https:\/\/math.univ-lyon1.fr\/perso\/wp-content\/uploads\/2024\/06\/Rulpidon-papier-768x1024.jpg\" alt=\"\" class=\"wp-image-274 size-full\" srcset=\"https:\/\/math.univ-lyon1.fr\/perso\/wp-content\/uploads\/2024\/06\/Rulpidon-papier-768x1024.jpg 768w, https:\/\/math.univ-lyon1.fr\/perso\/wp-content\/uploads\/2024\/06\/Rulpidon-papier-225x300.jpg 225w, https:\/\/math.univ-lyon1.fr\/perso\/wp-content\/uploads\/2024\/06\/Rulpidon-papier-1152x1536.jpg 1152w, https:\/\/math.univ-lyon1.fr\/perso\/wp-content\/uploads\/2024\/06\/Rulpidon-papier-1536x2048.jpg 1536w, https:\/\/math.univ-lyon1.fr\/perso\/wp-content\/uploads\/2024\/06\/Rulpidon-papier-scaled.jpg 1920w\" sizes=\"auto, (max-width: 768px) 100vw, 768px\" \/><\/figure><div class=\"wp-block-media-text__content\">\n<p>Rulpidon en papier r\u00e9alis\u00e9 \u00e0 partir du patron ci-contre<\/p>\n<\/div><\/div>\n\n\n\n<div class=\"wp-block-media-text is-stacked-on-mobile\"><figure class=\"wp-block-media-text__media\"><img loading=\"lazy\" decoding=\"async\" width=\"1024\" height=\"679\" src=\"https:\/\/math.univ-lyon1.fr\/perso\/wp-content\/uploads\/2024\/06\/patron-Rulpidon-1024x679.jpg\" alt=\"\" class=\"wp-image-275 size-full\" srcset=\"https:\/\/math.univ-lyon1.fr\/perso\/wp-content\/uploads\/2024\/06\/patron-Rulpidon-1024x679.jpg 1024w, https:\/\/math.univ-lyon1.fr\/perso\/wp-content\/uploads\/2024\/06\/patron-Rulpidon-300x199.jpg 300w, https:\/\/math.univ-lyon1.fr\/perso\/wp-content\/uploads\/2024\/06\/patron-Rulpidon-768x509.jpg 768w, https:\/\/math.univ-lyon1.fr\/perso\/wp-content\/uploads\/2024\/06\/patron-Rulpidon-1536x1018.jpg 1536w, https:\/\/math.univ-lyon1.fr\/perso\/wp-content\/uploads\/2024\/06\/patron-Rulpidon-2048x1358.jpg 2048w\" sizes=\"auto, (max-width: 1024px) 100vw, 1024px\" \/><\/figure><div class=\"wp-block-media-text__content\">\n<p>Patron \u00e0 imprimer en 6 exemplaires pour r\u00e9aliser un Rulpidon en papier<\/p>\n<\/div><\/div>\n<\/div>\n\n\n\n<p>La g\u00e9om\u00e9trie du Rulpidon nous parle d\u2019architecture et de cuisine, avec comme cerise sur le g\u00e2teau: le <a href=\"https:\/\/fr.wikipedia.org\/wiki\/Pendule_simple\">pendule simple<\/a>&nbsp;! Tout ceci est d\u00e9taill\u00e9 sur <a href=\"https:\/\/images.math.cnrs.fr\/le-rulpidon\/\" data-type=\"link\" data-id=\"https:\/\/images.math.cnrs.fr\/le-rulpidon\/\">Images des math\u00e9matiques<\/a>.<\/p>\n\n\n\n<p>Le <a href=\"https:\/\/www.ulysselacoste.com\/oeuvres\/mobiles\/le-rulpidon\/\">Rulpidon<\/a> fait partie des \u0153uvres du sculpteur <a href=\"https:\/\/www.ulysselacoste.com\/\">Ulysse Lacoste<\/a>.<\/p>\n\n\n\n<p><\/p>\n\n\n\n<figure class=\"wp-block-image size-full\"><img loading=\"lazy\" decoding=\"async\" width=\"640\" height=\"424\" src=\"https:\/\/math.univ-lyon1.fr\/perso\/wp-content\/uploads\/2024\/06\/Rulpidon-Ulysse.jpeg\" alt=\"\" class=\"wp-image-294\" srcset=\"https:\/\/math.univ-lyon1.fr\/perso\/wp-content\/uploads\/2024\/06\/Rulpidon-Ulysse.jpeg 640w, https:\/\/math.univ-lyon1.fr\/perso\/wp-content\/uploads\/2024\/06\/Rulpidon-Ulysse-300x199.jpeg 300w\" sizes=\"auto, (max-width: 640px) 100vw, 640px\" \/><figcaption class=\"wp-element-caption\">Rulpidon monumental en acier corten \u00a9 Ulysse Lacoste<\/figcaption><\/figure>\n\n\n\n<figure class=\"wp-block-image size-full\"><img loading=\"lazy\" decoding=\"async\" width=\"640\" height=\"424\" src=\"https:\/\/math.univ-lyon1.fr\/perso\/wp-content\/uploads\/2024\/06\/pieces-Rulpidon-Ulysse.jpeg\" alt=\"\" class=\"wp-image-276\" srcset=\"https:\/\/math.univ-lyon1.fr\/perso\/wp-content\/uploads\/2024\/06\/pieces-Rulpidon-Ulysse.jpeg 640w, https:\/\/math.univ-lyon1.fr\/perso\/wp-content\/uploads\/2024\/06\/pieces-Rulpidon-Ulysse-300x199.jpeg 300w\" sizes=\"auto, (max-width: 640px) 100vw, 640px\" \/><figcaption class=\"wp-element-caption\">Pi\u00e8ces du Rulpidon en acier avant assemblage \u00a9 Ulysse Lacoste<\/figcaption><\/figure>\n\n\n\n<figure class=\"wp-block-image size-full\"><img loading=\"lazy\" decoding=\"async\" width=\"640\" height=\"424\" src=\"https:\/\/math.univ-lyon1.fr\/perso\/wp-content\/uploads\/2024\/06\/soudure-Rulpidon-Ulysse.jpeg\" alt=\"\" class=\"wp-image-277\" srcset=\"https:\/\/math.univ-lyon1.fr\/perso\/wp-content\/uploads\/2024\/06\/soudure-Rulpidon-Ulysse.jpeg 640w, https:\/\/math.univ-lyon1.fr\/perso\/wp-content\/uploads\/2024\/06\/soudure-Rulpidon-Ulysse-300x199.jpeg 300w\" sizes=\"auto, (max-width: 640px) 100vw, 640px\" \/><figcaption class=\"wp-element-caption\">Atelier de fabrication du Rulpidon en acier \u00a9 Ulysse Lacoste<\/figcaption><\/figure>\n\n\n\n<p>\u00c0 vos crayons-ciseaux-scotch pour fabriquer votre Rulpidon en papier!<\/p>\n\n\n\n<p><strong>NB<\/strong> Le Rulpidon est le symbole de la<\/p>\n\n\n\n<figure class=\"wp-block-image size-full\"><img loading=\"lazy\" decoding=\"async\" width=\"399\" height=\"95\" src=\"https:\/\/math.univ-lyon1.fr\/perso\/wp-content\/uploads\/2024\/06\/logo-Maison-Poincare.png\" alt=\"\" class=\"wp-image-296\" srcset=\"https:\/\/math.univ-lyon1.fr\/perso\/wp-content\/uploads\/2024\/06\/logo-Maison-Poincare.png 399w, https:\/\/math.univ-lyon1.fr\/perso\/wp-content\/uploads\/2024\/06\/logo-Maison-Poincare-300x71.png 300w\" sizes=\"auto, (max-width: 399px) 100vw, 399px\" \/><\/figure>\n\n\n\n<p>mus\u00e9e des math\u00e9matiques concoct\u00e9 par l\u2019<a href=\"https:\/\/www.ihp.fr\/fr\">Institut Henri Poincar\u00e9<\/a>.<\/p>\n\n\n\n<p>Ulysse Lacoste a r\u00e9alis\u00e9 un <a href=\"https:\/\/www.ihp.fr\/fr\/espace-presse#gallery-paragraph-id-2986-10\">Rulpidon monumental en acier pour le jardin<\/a> de la Maison Poincar\u00e9. Ce projet a \u00e9t\u00e9 soutenu par le <a href=\"https:\/\/www.fonds-ihp.org\/\">Fonds de dotation de l\u2019IHP<\/a> et ses partenaires.<\/p>\n","protected":false},"excerpt":{"rendered":"<p>Le Rulpidon sous toutes ses couleurs Ceci est une page \u00e0 d\u00e9rouler sans mod\u00e9ration. Dans le jardin Jacqueline Ferrand \u00e0 l\u2019Institut Henri Poincar\u00e9, le grand Rulpidon d\u2019Ulysse Lacoste et le mod\u00e8le en mousse que j\u2019ai d\u00e9guis\u00e9 et l\u00e9gu\u00e9 \u00e0 l\u2019\u00e9quipe de la Maison Poincar\u00e9. \u00a9 Le Rulpidon, \u0153uvre du sculpteur Ulysse Lacoste \u00a9 Photo Anne [&hellip;]<\/p>\n","protected":false},"author":3,"featured_media":0,"parent":9,"menu_order":0,"comment_status":"closed","ping_status":"closed","template":"","meta":{"footnotes":""},"class_list":["post-249","page","type-page","status-publish","hentry"],"_links":{"self":[{"href":"https:\/\/math.univ-lyon1.fr\/perso\/wp-json\/wp\/v2\/pages\/249","targetHints":{"allow":["GET"]}}],"collection":[{"href":"https:\/\/math.univ-lyon1.fr\/perso\/wp-json\/wp\/v2\/pages"}],"about":[{"href":"https:\/\/math.univ-lyon1.fr\/perso\/wp-json\/wp\/v2\/types\/page"}],"author":[{"embeddable":true,"href":"https:\/\/math.univ-lyon1.fr\/perso\/wp-json\/wp\/v2\/users\/3"}],"replies":[{"embeddable":true,"href":"https:\/\/math.univ-lyon1.fr\/perso\/wp-json\/wp\/v2\/comments?post=249"}],"version-history":[{"count":85,"href":"https:\/\/math.univ-lyon1.fr\/perso\/wp-json\/wp\/v2\/pages\/249\/revisions"}],"predecessor-version":[{"id":932,"href":"https:\/\/math.univ-lyon1.fr\/perso\/wp-json\/wp\/v2\/pages\/249\/revisions\/932"}],"up":[{"embeddable":true,"href":"https:\/\/math.univ-lyon1.fr\/perso\/wp-json\/wp\/v2\/pages\/9"}],"wp:attachment":[{"href":"https:\/\/math.univ-lyon1.fr\/perso\/wp-json\/wp\/v2\/media?parent=249"}],"curies":[{"name":"wp","href":"https:\/\/api.w.org\/{rel}","templated":true}]}}